{"id":27209,"date":"2022-01-08T11:18:00","date_gmt":"2022-01-08T14:18:00","guid":{"rendered":"https:\/\/www.fasj.org.ar\/wp\/?page_id=27209"},"modified":"2022-09-19T22:47:43","modified_gmt":"2022-09-20T01:47:43","slug":"jornadas-nacionales-de-abogadas-de-f-a-c-a","status":"publish","type":"page","link":"https:\/\/www.fasj.org.ar\/wp\/jornadas-nacionales-de-abogadas-de-f-a-c-a\/","title":{"rendered":"JORNADAS NACIONALES DE ABOGADAS DE F.A.C.A."},"content":{"rendered":"<style>\/*! elementor - v3.6.7 - 03-07-2022 *\/\n.elementor-heading-title{padding:0;margin:0;line-height:1}.elementor-widget-heading .elementor-heading-title[class*=elementor-size-]>a{color:inherit;font-size:inherit;line-height:inherit}.elementor-widget-heading .elementor-heading-title.elementor-size-small{font-size:15px}.elementor-widget-heading .elementor-heading-title.elementor-size-medium{font-size:19px}.elementor-widget-heading .elementor-heading-title.elementor-size-large{font-size:29px}.elementor-widget-heading .elementor-heading-title.elementor-size-xl{font-size:39px}.elementor-widget-heading .elementor-heading-title.elementor-size-xxl{font-size:59px}<\/style>\n<h2>JORNADAS NACIONALES DE ABOGADAS DE F.A.C.A.<\/h2>\n<style>\/*! elementor - v3.6.7 - 03-07-2022 *\/\n.e-container.e-container--row .elementor-spacer-inner{width:var(--spacer-size)}.e-container.e-container--column .elementor-spacer-inner,.elementor-column .elementor-spacer-inner{height:var(--spacer-size)}<\/style>\n<p>\t\t<iframe loading=\"lazy\" title=\"JORNADAS NACIONALES DE ABOGADAS DE F.A.C.A.\" width=\"696\" height=\"392\" src=\"https:\/\/www.youtube.com\/embed\/yLMRGxRCSwA?feature=oembed\" frameborder=\"0\" allow=\"accelerometer; autoplay; clipboard-write; encrypted-media; gyroscope; picture-in-picture\" allowfullscreen><\/iframe>\t\t<\/p>\n<h2><b>Programa<\/b> (click sobre el d\u00eda para desplegar )<\/h2>\n<style>\/*! elementor - v3.6.7 - 03-07-2022 *\/\n.elementor-accordion{text-align:left}.elementor-accordion .elementor-accordion-item{border:1px solid #d4d4d4}.elementor-accordion .elementor-accordion-item+.elementor-accordion-item{border-top:none}.elementor-accordion .elementor-tab-title{margin:0;padding:15px 20px;font-weight:700;line-height:1;cursor:pointer;outline:none}.elementor-accordion .elementor-tab-title .elementor-accordion-icon{display:inline-block;width:1.5em}.elementor-accordion .elementor-tab-title .elementor-accordion-icon svg{width:1em;height:1em}.elementor-accordion .elementor-tab-title .elementor-accordion-icon.elementor-accordion-icon-right{float:right;text-align:right}.elementor-accordion .elementor-tab-title .elementor-accordion-icon.elementor-accordion-icon-left{float:left;text-align:left}.elementor-accordion .elementor-tab-title .elementor-accordion-icon .elementor-accordion-icon-closed{display:block}.elementor-accordion .elementor-tab-title .elementor-accordion-icon .elementor-accordion-icon-opened,.elementor-accordion .elementor-tab-title.elementor-active .elementor-accordion-icon-closed{display:none}.elementor-accordion .elementor-tab-title.elementor-active .elementor-accordion-icon-opened{display:block}.elementor-accordion .elementor-tab-content{display:none;padding:15px 20px;border-top:1px solid #d4d4d4}@media (max-width:767px){.elementor-accordion .elementor-tab-title{padding:12px 15px}.elementor-accordion .elementor-tab-title .elementor-accordion-icon{width:1.2em}.elementor-accordion .elementor-tab-content{padding:7px 15px}}<\/style>\n<p>\t\t\t\t\t\t\t\t\t\t\t\t<a href=\"\">JUEVES 22 DE SEPTIEMBRE<\/a><\/p>\n<ol style=\"--tw-shadow: 0 0 #0000; --tw-ring-inset: var(--tw-empty, ); --tw-ring-offset-width: 0px; --tw-ring-offset-color: #fff; --tw-ring-color: rgba(59, 130, 246, 0.5); --tw-ring-offset-shadow: 0 0 #0000; --tw-ring-shadow: 0 0 #0000; margin-top: 0cm;\" start=\"1\" type=\"1\">\n<li style=\"--tw-shadow: 0 0 #0000; --tw-ring-inset: var(--tw-empty, ); --tw-ring-offset-width: 0px; --tw-ring-offset-color: #fff; --tw-ring-color: rgba(59, 130, 246, 0.5); --tw-ring-offset-shadow: 0 0 #0000; --tw-ring-shadow: 0 0 #0000; color: black; margin-bottom: 10pt; text-align: justify;\"><b style=\"--tw-shadow: 0 0 #0000; --tw-ring-inset: var(--tw-empty, ); --tw-ring-offset-width: 0px; --tw-ring-offset-color: #fff; --tw-ring-color: rgba(59, 130, 246, 0.5); --tw-ring-offset-shadow: 0 0 #0000; --tw-ring-shadow: 0 0 #0000;\">\u00a09 hs<\/b><b style=\"--tw-shadow: 0 0 #0000; --tw-ring-inset: var(--tw-empty, ); --tw-ring-offset-width: 0px; --tw-ring-offset-color: #fff; --tw-ring-color: rgba(59, 130, 246, 0.5); --tw-ring-offset-shadow: 0 0 #0000; --tw-ring-shadow: 0 0 #0000;\">. \u00a0 \u00a0 ACREDITACI\u00d3N<\/b><\/li>\n<li style=\"--tw-shadow: 0 0 #0000; --tw-ring-inset: var(--tw-empty, ); --tw-ring-offset-width: 0px; --tw-ring-offset-color: #fff; --tw-ring-color: rgba(59, 130, 246, 0.5); --tw-ring-offset-shadow: 0 0 #0000; --tw-ring-shadow: 0 0 #0000; color: black; margin-bottom: 10pt; text-align: justify;\"><b style=\"--tw-shadow: 0 0 #0000; --tw-ring-inset: var(--tw-empty, ); --tw-ring-offset-width: 0px; --tw-ring-offset-color: #fff; --tw-ring-color: rgba(59, 130, 246, 0.5); --tw-ring-offset-shadow: 0 0 #0000; --tw-ring-shadow: 0 0 #0000;\">\u00a010 hs. \/ 10.30hs.\u00a0 APERTURA :<\/b><b style=\"--tw-shadow: 0 0 #0000; --tw-ring-inset: var(--tw-empty, ); --tw-ring-offset-width: 0px; --tw-ring-offset-color: #fff; --tw-ring-color: rgba(59, 130, 246, 0.5); --tw-ring-offset-shadow: 0 0 #0000; --tw-ring-shadow: 0 0 #0000;\"><\/b><\/li>\n<\/ol>\n<p style=\"--tw-shadow: 0 0 #0000; --tw-ring-inset: var(--tw-empty, ); --tw-ring-offset-width: 0px; --tw-ring-offset-color: #fff; --tw-ring-color: rgba(59, 130, 246, 0.5); --tw-ring-offset-shadow: 0 0 #0000; --tw-ring-shadow: 0 0 #0000; margin: 0cm 0cm 10pt 18pt; text-align: justify;\">\u2013 Autoridades del Foro de Abogados de San Juan\u00a0<\/p>\n<p style=\"--tw-shadow: 0 0 #0000; --tw-ring-inset: var(--tw-empty, ); --tw-ring-offset-width: 0px; --tw-ring-offset-color: #fff; --tw-ring-color: rgba(59, 130, 246, 0.5); --tw-ring-offset-shadow: 0 0 #0000; --tw-ring-shadow: 0 0 #0000; margin: 0cm 0cm 10pt 18pt; text-align: justify;\"><i style=\"--tw-shadow: 0 0 #0000; --tw-ring-inset: var(--tw-empty, ); --tw-ring-offset-width: 0px; --tw-ring-offset-color: #fff; --tw-ring-color: rgba(59, 130, 246, 0.5); --tw-ring-offset-shadow: 0 0 #0000; --tw-ring-shadow: 0 0 #0000;\">Dr. Marcelo Alvarez \u2013 Presidente Foro Abogados de San Juan<\/i><\/p>\n<p style=\"--tw-shadow: 0 0 #0000; --tw-ring-inset: var(--tw-empty, ); --tw-ring-offset-width: 0px; --tw-ring-offset-color: #fff; --tw-ring-color: rgba(59, 130, 246, 0.5); --tw-ring-offset-shadow: 0 0 #0000; --tw-ring-shadow: 0 0 #0000; margin: 0cm 0cm 10pt 18pt; text-align: justify;\"><i style=\"--tw-shadow: 0 0 #0000; --tw-ring-inset: var(--tw-empty, ); --tw-ring-offset-width: 0px; --tw-ring-offset-color: #fff; --tw-ring-color: rgba(59, 130, 246, 0.5); --tw-ring-offset-shadow: 0 0 #0000; --tw-ring-shadow: 0 0 #0000;\">Dra.Nancy Mabel L\u00f3pez -Directora Instituto de la Mujer y G\u00e9nero Foro Abogados de San Juan<\/i><\/p>\n<p style=\"--tw-shadow: 0 0 #0000; --tw-ring-inset: var(--tw-empty, ); --tw-ring-offset-width: 0px; --tw-ring-offset-color: #fff; --tw-ring-color: rgba(59, 130, 246, 0.5); --tw-ring-offset-shadow: 0 0 #0000; --tw-ring-shadow: 0 0 #0000; margin: 0cm 0cm 10pt 18pt; text-align: justify;\">\u2013 Autoridades de la Federaci\u00f3n Argentina de Colegios de Abogados (F.A.C.A.)\u00a0<\/p>\n<p style=\"--tw-shadow: 0 0 #0000; --tw-ring-inset: var(--tw-empty, ); --tw-ring-offset-width: 0px; --tw-ring-offset-color: #fff; --tw-ring-color: rgba(59, 130, 246, 0.5); --tw-ring-offset-shadow: 0 0 #0000; --tw-ring-shadow: 0 0 #0000; margin: 0cm 0cm 10pt 18pt; text-align: justify;\"><i style=\"--tw-shadow: 0 0 #0000; --tw-ring-inset: var(--tw-empty, ); --tw-ring-offset-width: 0px; --tw-ring-offset-color: #fff; --tw-ring-color: rgba(59, 130, 246, 0.5); --tw-ring-offset-shadow: 0 0 #0000; --tw-ring-shadow: 0 0 #0000;\">Dr. Jos\u00e9 Luis Lasalle \u2013 Presidente\u00a0 FACA<\/i><\/p>\n<p style=\"--tw-shadow: 0 0 #0000; --tw-ring-inset: var(--tw-empty, ); --tw-ring-offset-width: 0px; --tw-ring-offset-color: #fff; --tw-ring-color: rgba(59, 130, 246, 0.5); --tw-ring-offset-shadow: 0 0 #0000; --tw-ring-shadow: 0 0 #0000; margin: 0cm 0cm 10pt 18pt; text-align: justify;\"><i style=\"--tw-shadow: 0 0 #0000; --tw-ring-inset: var(--tw-empty, ); --tw-ring-offset-width: 0px; --tw-ring-offset-color: #fff; --tw-ring-color: rgba(59, 130, 246, 0.5); --tw-ring-offset-shadow: 0 0 #0000; --tw-ring-shadow: 0 0 #0000;\">Dra. Mariel Tschieder- Vicepresidenta FACA<\/i><\/p>\n<p style=\"--tw-shadow: 0 0 #0000; --tw-ring-inset: var(--tw-empty, ); --tw-ring-offset-width: 0px; --tw-ring-offset-color: #fff; --tw-ring-color: rgba(59, 130, 246, 0.5); --tw-ring-offset-shadow: 0 0 #0000; --tw-ring-shadow: 0 0 #0000; margin: 0cm 0cm 10pt 18pt; text-align: justify;\"><i style=\"--tw-shadow: 0 0 #0000; --tw-ring-inset: var(--tw-empty, ); --tw-ring-offset-width: 0px; --tw-ring-offset-color: #fff; --tw-ring-color: rgba(59, 130, 246, 0.5); --tw-ring-offset-shadow: 0 0 #0000; --tw-ring-shadow: 0 0 #0000;\">Dra. Mar\u00eda Elena Barbagelata \u2013 Directora de la Comisi\u00f3n Derechos de la Mujer\u00a0 FACA<\/i><\/p>\n<p style=\"--tw-shadow: 0 0 #0000; --tw-ring-inset: var(--tw-empty, ); --tw-ring-offset-width: 0px; --tw-ring-offset-color: #fff; --tw-ring-color: rgba(59, 130, 246, 0.5); --tw-ring-offset-shadow: 0 0 #0000; --tw-ring-shadow: 0 0 #0000; margin: 0cm 0cm 10pt 18pt; text-align: justify;\">\u00a0<\/p>\n<ol style=\"--tw-shadow: 0 0 #0000; --tw-ring-inset: var(--tw-empty, ); --tw-ring-offset-width: 0px; --tw-ring-offset-color: #fff; --tw-ring-color: rgba(59, 130, 246, 0.5); --tw-ring-offset-shadow: 0 0 #0000; --tw-ring-shadow: 0 0 #0000; margin-top: 0cm;\" start=\"3\" type=\"1\">\n<li style=\"--tw-shadow: 0 0 #0000; --tw-ring-inset: var(--tw-empty, ); --tw-ring-offset-width: 0px; --tw-ring-offset-color: #fff; --tw-ring-color: rgba(59, 130, 246, 0.5); --tw-ring-offset-shadow: 0 0 #0000; --tw-ring-shadow: 0 0 #0000; color: black; margin-bottom: 10pt; text-align: justify;\"><b style=\"--tw-shadow: 0 0 #0000; --tw-ring-inset: var(--tw-empty, ); --tw-ring-offset-width: 0px; --tw-ring-offset-color: #fff; --tw-ring-color: rgba(59, 130, 246, 0.5); --tw-ring-offset-shadow: 0 0 #0000; --tw-ring-shadow: 0 0 #0000;\">10.30\u00a0\u2013 12.00. \u00a0 PANEL:<\/b><\/li>\n<\/ol>\n<p style=\"--tw-shadow: 0 0 #0000; --tw-ring-inset: var(--tw-empty, ); --tw-ring-offset-width: 0px; --tw-ring-offset-color: #fff; --tw-ring-color: rgba(59, 130, 246, 0.5); --tw-ring-offset-shadow: 0 0 #0000; --tw-ring-shadow: 0 0 #0000; margin: 0cm 0cm 10pt 20.25pt; text-align: justify;\"><i style=\"--tw-shadow: 0 0 #0000; --tw-ring-inset: var(--tw-empty, ); --tw-ring-offset-width: 0px; --tw-ring-offset-color: #fff; --tw-ring-color: rgba(59, 130, 246, 0.5); --tw-ring-offset-shadow: 0 0 #0000; --tw-ring-shadow: 0 0 #0000;\">\u00a0-\u201cG\u00e9nero y derecho penal. Los estereotipos de g\u00e9nero en materia de delitos contra la integridad sexual y violencia. \u201c\u00a0\u00a0<\/i><\/p>\n<p style=\"--tw-shadow: 0 0 #0000; --tw-ring-inset: var(--tw-empty, ); --tw-ring-offset-width: 0px; --tw-ring-offset-color: #fff; --tw-ring-color: rgba(59, 130, 246, 0.5); --tw-ring-offset-shadow: 0 0 #0000; --tw-ring-shadow: 0 0 #0000; margin: 0cm 0cm 10pt 20.25pt; text-align: justify;\">\u2013 Expositores:\u00a0 Dra. Mar\u00eda Emilia Nielson Ramella ; Dr.Angel Daniel Pe\u00f1a; Dra.Indiana Guere\u00f1o ; Dra. Ver\u00f3nica Heredia;\u00a0 Dra. Natalia Avalos<\/p>\n<p style=\"--tw-shadow: 0 0 #0000; --tw-ring-inset: var(--tw-empty, ); --tw-ring-offset-width: 0px; --tw-ring-offset-color: #fff; --tw-ring-color: rgba(59, 130, 246, 0.5); --tw-ring-offset-shadow: 0 0 #0000; --tw-ring-shadow: 0 0 #0000; margin: 0cm 0cm 10pt 20.25pt; text-align: justify;\">\u2013 Coordinaci\u00f3n: Dra. Laura Mart\u00ednez<\/p>\n<p style=\"--tw-shadow: 0 0 #0000; --tw-ring-inset: var(--tw-empty, ); --tw-ring-offset-width: 0px; --tw-ring-offset-color: #fff; --tw-ring-color: rgba(59, 130, 246, 0.5); --tw-ring-offset-shadow: 0 0 #0000; --tw-ring-shadow: 0 0 #0000; margin: 0cm 0cm 10pt 20.25pt; text-align: justify;\">\u2013 Relatora: Dra. Elo\u00edsa Raya de Vera<\/p>\n<p style=\"--tw-shadow: 0 0 #0000; --tw-ring-inset: var(--tw-empty, ); --tw-ring-offset-width: 0px; --tw-ring-offset-color: #fff; --tw-ring-color: rgba(59, 130, 246, 0.5); --tw-ring-offset-shadow: 0 0 #0000; --tw-ring-shadow: 0 0 #0000; margin: 0cm 0cm 10pt 20.25pt; text-align: justify;\">\u2013 Pausa<b style=\"--tw-shadow: 0 0 #0000; --tw-ring-inset: var(--tw-empty, ); --tw-ring-offset-width: 0px; --tw-ring-offset-color: #fff; --tw-ring-color: rgba(59, 130, 246, 0.5); --tw-ring-offset-shadow: 0 0 #0000; --tw-ring-shadow: 0 0 #0000;\"><\/b><\/p>\n<p style=\"--tw-shadow: 0 0 #0000; --tw-ring-inset: var(--tw-empty, ); --tw-ring-offset-width: 0px; --tw-ring-offset-color: #fff; --tw-ring-color: rgba(59, 130, 246, 0.5); --tw-ring-offset-shadow: 0 0 #0000; --tw-ring-shadow: 0 0 #0000; margin: 0cm 0cm 10pt 20.25pt; text-align: justify;\"><b style=\"--tw-shadow: 0 0 #0000; --tw-ring-inset: var(--tw-empty, ); --tw-ring-offset-width: 0px; --tw-ring-offset-color: #fff; --tw-ring-color: rgba(59, 130, 246, 0.5); --tw-ring-offset-shadow: 0 0 #0000; --tw-ring-shadow: 0 0 #0000;\">4.\u00a0 12.15\u00a0 \u2013 13.45. PANEL:<\/b><\/p>\n<p style=\"--tw-shadow: 0 0 #0000; --tw-ring-inset: var(--tw-empty, ); --tw-ring-offset-width: 0px; --tw-ring-offset-color: #fff; --tw-ring-color: rgba(59, 130, 246, 0.5); --tw-ring-offset-shadow: 0 0 #0000; --tw-ring-shadow: 0 0 #0000; margin: 0cm 0cm 10pt 20.25pt; text-align: justify;\"><i style=\"--tw-shadow: 0 0 #0000; --tw-ring-inset: var(--tw-empty, ); --tw-ring-offset-width: 0px; --tw-ring-offset-color: #fff; --tw-ring-color: rgba(59, 130, 246, 0.5); --tw-ring-offset-shadow: 0 0 #0000; --tw-ring-shadow: 0 0 #0000;\">\u2013 \u201cViolencia en el Ejercicio Profesional de la Abogac\u00eda. Protocolo de la FACA. Violencia contra la mujer en los \u00c1mbitos Laborales\u201d<\/i><\/p>\n<p style=\"--tw-shadow: 0 0 #0000; --tw-ring-inset: var(--tw-empty, ); --tw-ring-offset-width: 0px; --tw-ring-offset-color: #fff; --tw-ring-color: rgba(59, 130, 246, 0.5); --tw-ring-offset-shadow: 0 0 #0000; --tw-ring-shadow: 0 0 #0000; margin: 0cm 0cm 10pt 20.25pt; text-align: justify;\">\u2013 Expositoras: \u00a0 Dra.Fabiana Malatesta; Dra. Nina Brugo; Dra. Nancy Mabel Lopez; Dra. Silvia Soria; Dra. Noem\u00ed Isasmendi<\/p>\n<p style=\"--tw-shadow: 0 0 #0000; --tw-ring-inset: var(--tw-empty, ); --tw-ring-offset-width: 0px; --tw-ring-offset-color: #fff; --tw-ring-color: rgba(59, 130, 246, 0.5); --tw-ring-offset-shadow: 0 0 #0000; --tw-ring-shadow: 0 0 #0000; margin: 0cm 0cm 10pt 20.25pt; text-align: justify;\">\u2013 Coordinadora: Dra. Daiana Ortiz Lamontanaro<\/p>\n<p style=\"--tw-shadow: 0 0 #0000; --tw-ring-inset: var(--tw-empty, ); --tw-ring-offset-width: 0px; --tw-ring-offset-color: #fff; --tw-ring-color: rgba(59, 130, 246, 0.5); --tw-ring-offset-shadow: 0 0 #0000; --tw-ring-shadow: 0 0 #0000; margin: 0cm 0cm 10pt 20.25pt; text-align: justify;\">\u2013 Relatora:\u00a0 Dra. Alba Cuellar Murillo<\/p>\n<p style=\"--tw-shadow: 0 0 #0000; --tw-ring-inset: var(--tw-empty, ); --tw-ring-offset-width: 0px; --tw-ring-offset-color: #fff; --tw-ring-color: rgba(59, 130, 246, 0.5); --tw-ring-offset-shadow: 0 0 #0000; --tw-ring-shadow: 0 0 #0000; margin: 0cm 0cm 10pt 20.25pt; text-align: justify;\">-Pausa Almuerzo<b style=\"--tw-shadow: 0 0 #0000; --tw-ring-inset: var(--tw-empty, ); --tw-ring-offset-width: 0px; --tw-ring-offset-color: #fff; --tw-ring-color: rgba(59, 130, 246, 0.5); --tw-ring-offset-shadow: 0 0 #0000; --tw-ring-shadow: 0 0 #0000;\"><\/b><\/p>\n<p style=\"--tw-shadow: 0 0 #0000; --tw-ring-inset: var(--tw-empty, ); --tw-ring-offset-width: 0px; --tw-ring-offset-color: #fff; --tw-ring-color: rgba(59, 130, 246, 0.5); --tw-ring-offset-shadow: 0 0 #0000; --tw-ring-shadow: 0 0 #0000; margin: 0cm 0cm 10pt 20.25pt; text-align: justify;\"><b style=\"--tw-shadow: 0 0 #0000; --tw-ring-inset: var(--tw-empty, ); --tw-ring-offset-width: 0px; --tw-ring-offset-color: #fff; --tw-ring-color: rgba(59, 130, 246, 0.5); --tw-ring-offset-shadow: 0 0 #0000; --tw-ring-shadow: 0 0 #0000;\">5.\u00a0 15 \u2013 16.30 \u00a0 PANEL:<\/b><\/p>\n<p style=\"--tw-shadow: 0 0 #0000; --tw-ring-inset: var(--tw-empty, ); --tw-ring-offset-width: 0px; --tw-ring-offset-color: #fff; --tw-ring-color: rgba(59, 130, 246, 0.5); --tw-ring-offset-shadow: 0 0 #0000; --tw-ring-shadow: 0 0 #0000; margin: 0cm 0cm 10pt 18pt; text-align: justify; text-indent: 3.25pt;\"><i style=\"--tw-shadow: 0 0 #0000; --tw-ring-inset: var(--tw-empty, ); --tw-ring-offset-width: 0px; --tw-ring-offset-color: #fff; --tw-ring-color: rgba(59, 130, 246, 0.5); --tw-ring-offset-shadow: 0 0 #0000; --tw-ring-shadow: 0 0 #0000;\">-\u201c\u00bfQu\u00e9 pasa con la paridad? Avances y obst\u00e1culos en Colegios profesionales y \u00e1mbitos judiciales nacionales y provinciales\u201d<\/i><i style=\"--tw-shadow: 0 0 #0000; --tw-ring-inset: var(--tw-empty, ); --tw-ring-offset-width: 0px; --tw-ring-offset-color: #fff; --tw-ring-color: rgba(59, 130, 246, 0.5); --tw-ring-offset-shadow: 0 0 #0000; --tw-ring-shadow: 0 0 #0000;\">.\u00a0<\/i>\u00a0\u00a0<\/p>\n<p style=\"--tw-shadow: 0 0 #0000; --tw-ring-inset: var(--tw-empty, ); --tw-ring-offset-width: 0px; --tw-ring-offset-color: #fff; --tw-ring-color: rgba(59, 130, 246, 0.5); --tw-ring-offset-shadow: 0 0 #0000; --tw-ring-shadow: 0 0 #0000; margin-bottom: 10pt; text-align: justify; text-indent: -18pt;\">\u00a0\u00a0\u00a0\u00a0\u00a0\u00a0\u00a0\u00a0\u00a0\u00a0\u00a0\u00a0\u00a0\u00a0\u2013 Expositoras; Dra. Mar\u00eda del Carmen Besteiro; Dra. Sof\u00eda LLoveras; Dra. Marisa Falconier; Dra. Graciana\u00a0 Furlotti; Adriana Ver\u00f3nica Garc\u00eda Nieto<\/p>\n<p style=\"--tw-shadow: 0 0 #0000; --tw-ring-inset: var(--tw-empty, ); --tw-ring-offset-width: 0px; --tw-ring-offset-color: #fff; --tw-ring-color: rgba(59, 130, 246, 0.5); --tw-ring-offset-shadow: 0 0 #0000; --tw-ring-shadow: 0 0 #0000; margin-bottom: 10pt; text-align: justify; text-indent: -18pt;\">\u00a0\u00a0\u00a0\u00a0\u00a0\u00a0\u00a0\u00a0\u00a0\u00a0\u00a0\u00a0\u00a0\u00a0\u2013 Coordinadora: Dra. Sara Asad<\/p>\n<p style=\"--tw-shadow: 0 0 #0000; --tw-ring-inset: var(--tw-empty, ); --tw-ring-offset-width: 0px; --tw-ring-offset-color: #fff; --tw-ring-color: rgba(59, 130, 246, 0.5); --tw-ring-offset-shadow: 0 0 #0000; --tw-ring-shadow: 0 0 #0000; margin-bottom: 10pt; text-align: justify; text-indent: -18pt;\">\u00a0\u00a0\u00a0\u00a0\u00a0\u00a0 \u00a0\u00a0\u00a0\u00a0\u00a0\u00a0\u00a0\u2013 Relatora: Dra. Mar\u00eda Fernanda Abonassar<\/p>\n<p style=\"--tw-shadow: 0 0 #0000; --tw-ring-inset: var(--tw-empty, ); --tw-ring-offset-width: 0px; --tw-ring-offset-color: #fff; --tw-ring-color: rgba(59, 130, 246, 0.5); --tw-ring-offset-shadow: 0 0 #0000; --tw-ring-shadow: 0 0 #0000; margin-bottom: 10pt; text-align: justify; text-indent: -18pt;\">\u00a0 \u00a0 \u00a0 \u00a0 \u00a0 \u00a0 \u00a0 \u00a0\u2013 Pausa<b style=\"--tw-shadow: 0 0 #0000; --tw-ring-inset: var(--tw-empty, ); --tw-ring-offset-width: 0px; --tw-ring-offset-color: #fff; --tw-ring-color: rgba(59, 130, 246, 0.5); --tw-ring-offset-shadow: 0 0 #0000; --tw-ring-shadow: 0 0 #0000;\"><\/b><\/p>\n<p style=\"--tw-shadow: 0 0 #0000; --tw-ring-inset: var(--tw-empty, ); --tw-ring-offset-width: 0px; --tw-ring-offset-color: #fff; --tw-ring-color: rgba(59, 130, 246, 0.5); --tw-ring-offset-shadow: 0 0 #0000; --tw-ring-shadow: 0 0 #0000; margin: 0cm 0cm 10pt 20.25pt; text-align: justify;\"><b style=\"--tw-shadow: 0 0 #0000; --tw-ring-inset: var(--tw-empty, ); --tw-ring-offset-width: 0px; --tw-ring-offset-color: #fff; --tw-ring-color: rgba(59, 130, 246, 0.5); --tw-ring-offset-shadow: 0 0 #0000; --tw-ring-shadow: 0 0 #0000;\">6.\u00a0 17\u00a0 \u2013\u00a0 18.30 .\u00a0 PANEL:<\/b><\/p>\n<p style=\"--tw-shadow: 0 0 #0000; --tw-ring-inset: var(--tw-empty, ); --tw-ring-offset-width: 0px; --tw-ring-offset-color: #fff; --tw-ring-color: rgba(59, 130, 246, 0.5); --tw-ring-offset-shadow: 0 0 #0000; --tw-ring-shadow: 0 0 #0000; margin-bottom: 10pt; text-align: justify;\"><b style=\"--tw-shadow: 0 0 #0000; --tw-ring-inset: var(--tw-empty, ); --tw-ring-offset-width: 0px; --tw-ring-offset-color: #fff; --tw-ring-color: rgba(59, 130, 246, 0.5); --tw-ring-offset-shadow: 0 0 #0000; --tw-ring-shadow: 0 0 #0000;\">\u00a0\u00a0\u00a0\u00a0\u00a0\u00a0\u00a0\u00a0\u00a0\u2013\u00a0<\/b><i style=\"--tw-shadow: 0 0 #0000; --tw-ring-inset: var(--tw-empty, ); --tw-ring-offset-width: 0px; --tw-ring-offset-color: #fff; --tw-ring-color: rgba(59, 130, 246, 0.5); --tw-ring-offset-shadow: 0 0 #0000; --tw-ring-shadow: 0 0 #0000;\">\u201cHacia la reforma judicial con perspectiva de g\u00e9nero. Propuestas para un cambio \u00a0\u00a0\u00a0\u00a0\u00a0\u00a0\u00a0\u00a0\u00a0\u00a0\u00a0\u00a0\u00a0\u00a0 feminista\u201d<\/i><\/p>\n<p style=\"--tw-shadow: 0 0 #0000; --tw-ring-inset: var(--tw-empty, ); --tw-ring-offset-width: 0px; --tw-ring-offset-color: #fff; --tw-ring-color: rgba(59, 130, 246, 0.5); --tw-ring-offset-shadow: 0 0 #0000; --tw-ring-shadow: 0 0 #0000; margin-bottom: 10pt; text-align: justify;\">\u00a0\u00a0\u00a0\u00a0\u00a0\u00a0\u00a0\u00a0\u00a0\u2013 Expositoras:\u00a0 Dra. Nelly Minyerski; Dra. Silvia Pedretta; Dra.\u00a0Karina Echazu<\/p>\n<p style=\"--tw-shadow: 0 0 #0000; --tw-ring-inset: var(--tw-empty, ); --tw-ring-offset-width: 0px; --tw-ring-offset-color: #fff; --tw-ring-color: rgba(59, 130, 246, 0.5); --tw-ring-offset-shadow: 0 0 #0000; --tw-ring-shadow: 0 0 #0000; margin-bottom: 10pt; text-align: justify;\">\u00a0\u00a0\u00a0\u00a0\u00a0\u00a0\u00a0\u00a0\u00a0\u2013\u00a0Coordinadora: Dra. Valeria Arg\u00fcello<\/p>\n<p style=\"--tw-shadow: 0 0 #0000; --tw-ring-inset: var(--tw-empty, ); --tw-ring-offset-width: 0px; --tw-ring-offset-color: #fff; --tw-ring-color: rgba(59, 130, 246, 0.5); --tw-ring-offset-shadow: 0 0 #0000; --tw-ring-shadow: 0 0 #0000;\">\u00a0<\/p>\n<p style=\"--tw-shadow: 0 0 #0000; --tw-ring-inset: var(--tw-empty, ); --tw-ring-offset-width: 0px; --tw-ring-offset-color: #fff; --tw-ring-color: rgba(59, 130, 246, 0.5); --tw-ring-offset-shadow: 0 0 #0000; --tw-ring-shadow: 0 0 #0000; margin-bottom: 10pt; text-align: justify;\">\u00a0\u00a0\u00a0\u00a0\u00a0\u00a0\u00a0\u00a0\u00a0\u2013 Relatora: Dra. Silvia Gar\u00f3falo\u00a0<\/p>\n<p>\t\t\t\t\t\t\t\t\t\t\t\t<a href=\"\">VIERNES 23 DE SEPTIEMBRE<\/a><\/p>\n<p><strong>10 hs.- 11 hs.<\/strong> <strong>CONFERENCIA MAGISTRAL<\/strong> \u00a0<br \/>Dra. ALDA FACIO<br \/>&#8220;Los Derechos Humanos de las mujeres. Avances y retrocesos&#8221;<br \/>Coordinadora: Dra. Julieta Bandirali<br \/>Relatora: \u00a0Dra. Sandra Gonz\u00e1lez<br \/>Pausa<\/p>\n<p><strong>11.30.- 13 . \u00a0PANEL:<\/strong><br \/>&#8220;El G\u00e9nero en las Relaciones de Familia. El Falso S\u00edndrome de Alienaci\u00f3n Parental \u00a0 (SAP)\u201d<br \/>Expositoras: \u00a0Dra. Marisa Graham ; Dra. \u00a0Claudia Hasanbegovic; Dra. Patricia Suarez<br \/>Coordinadora: Dra. Virginia Grosso<br \/>Relatora: Dra. D\u00e9bora Gal\u00e1n<\/p>\n<p><strong>-Pausa \/almuerzo<\/strong><br \/><strong>14 &#8211; 15 hs:<\/strong> Exposiciones de las Relator\u00edas y Exposici\u00f3n del dictamen del Jurado de las ponencias integrado por las Dras. Miriam Londero, Andrea Escobar y Marisa Eisaguirre.<br \/>Coordinadora: Dra. Clara Cantero<\/p>\n<p><strong>-CLAUSURA DE LAS JORNADAS:<\/strong><br \/>Dra. Mabel L\u00f3pez<br \/>&#8211; Instituto de los Derechos de la Mujer y de G\u00e9nero del Foro de Abogados de San Juan.<br \/>Dra. Mar\u00eda Elena Barbagelata<br \/>&#8211; Directora de la Comisi\u00f3n de los Derechos de la Mujer de la F.A.C.A<\/p>\n<h2><b>Hoteler\u00eda <\/b><\/h2>\n<style>\/*! elementor - v3.6.7 - 03-07-2022 *\/\n.elementor-widget-image-box .elementor-image-box-content{width:100%}@media (min-width:768px){.elementor-widget-image-box.elementor-position-left .elementor-image-box-wrapper,.elementor-widget-image-box.elementor-position-right .elementor-image-box-wrapper{display:-webkit-box;display:-ms-flexbox;display:flex}.elementor-widget-image-box.elementor-position-right .elementor-image-box-wrapper{text-align:right;-webkit-box-orient:horizontal;-webkit-box-direction:reverse;-ms-flex-direction:row-reverse;flex-direction:row-reverse}.elementor-widget-image-box.elementor-position-left .elementor-image-box-wrapper{text-align:left;-webkit-box-orient:horizontal;-webkit-box-direction:normal;-ms-flex-direction:row;flex-direction:row}.elementor-widget-image-box.elementor-position-top .elementor-image-box-img{margin:auto}.elementor-widget-image-box.elementor-vertical-align-top .elementor-image-box-wrapper{-webkit-box-align:start;-ms-flex-align:start;align-items:flex-start}.elementor-widget-image-box.elementor-vertical-align-middle .elementor-image-box-wrapper{-webkit-box-align:center;-ms-flex-align:center;align-items:center}.elementor-widget-image-box.elementor-vertical-align-bottom .elementor-image-box-wrapper{-webkit-box-align:end;-ms-flex-align:end;align-items:flex-end}}@media (max-width:767px){.elementor-widget-image-box .elementor-image-box-img{margin-left:auto!important;margin-right:auto!important;margin-bottom:15px}}.elementor-widget-image-box .elementor-image-box-img{display:inline-block}.elementor-widget-image-box .elementor-image-box-title a{color:inherit}.elementor-widget-image-box .elementor-image-box-wrapper{text-align:center}.elementor-widget-image-box .elementor-image-box-description{margin:0}<\/style>\n<figure><img decoding=\"async\" width=\"400\" height=\"215\" src=\"https:\/\/www.fasj.org.ar\/wp\/wp-content\/uploads\/2022\/09\/10378048-1.jpg\" alt=\"\" loading=\"lazy\" \/><\/figure>\n<h5>HOTEL AM\u00c9RICA<\/h5>\n<p><b>Domicilio:<\/b> 9 de Julio Este 1052, J5400 San Juan \/ <b>Tel\u00e9fono: <\/b>0264 421-4514<\/p>\n<style>\/*! elementor - v3.6.7 - 03-07-2022 *\/\n.elementor-widget-divider{--divider-border-style:none;--divider-border-width:1px;--divider-color:#2c2c2c;--divider-icon-size:20px;--divider-element-spacing:10px;--divider-pattern-height:24px;--divider-pattern-size:20px;--divider-pattern-url:none;--divider-pattern-repeat:repeat-x}.elementor-widget-divider .elementor-divider{display:-webkit-box;display:-ms-flexbox;display:flex}.elementor-widget-divider .elementor-divider__text{font-size:15px;line-height:1;max-width:95%}.elementor-widget-divider .elementor-divider__element{margin:0 var(--divider-element-spacing);-ms-flex-negative:0;flex-shrink:0}.elementor-widget-divider .elementor-icon{font-size:var(--divider-icon-size)}.elementor-widget-divider .elementor-divider-separator{display:-webkit-box;display:-ms-flexbox;display:flex;margin:0;direction:ltr}.elementor-widget-divider--view-line_icon .elementor-divider-separator,.elementor-widget-divider--view-line_text .elementor-divider-separator{-webkit-box-align:center;-ms-flex-align:center;align-items:center}.elementor-widget-divider--view-line_icon .elementor-divider-separator:after,.elementor-widget-divider--view-line_icon .elementor-divider-separator:before,.elementor-widget-divider--view-line_text .elementor-divider-separator:after,.elementor-widget-divider--view-line_text .elementor-divider-separator:before{display:block;content:\"\";border-bottom:0;-webkit-box-flex:1;-ms-flex-positive:1;flex-grow:1;border-top:var(--divider-border-width) var(--divider-border-style) var(--divider-color)}.elementor-widget-divider--element-align-left .elementor-divider .elementor-divider-separator>.elementor-divider__svg:first-of-type{-webkit-box-flex:0;-ms-flex-positive:0;flex-grow:0;-ms-flex-negative:100;flex-shrink:100}.elementor-widget-divider--element-align-left .elementor-divider-separator:before{content:none}.elementor-widget-divider--element-align-left .elementor-divider__element{margin-left:0}.elementor-widget-divider--element-align-right .elementor-divider .elementor-divider-separator>.elementor-divider__svg:last-of-type{-webkit-box-flex:0;-ms-flex-positive:0;flex-grow:0;-ms-flex-negative:100;flex-shrink:100}.elementor-widget-divider--element-align-right .elementor-divider-separator:after{content:none}.elementor-widget-divider--element-align-right .elementor-divider__element{margin-right:0}.elementor-widget-divider:not(.elementor-widget-divider--view-line_text):not(.elementor-widget-divider--view-line_icon) .elementor-divider-separator{border-top:var(--divider-border-width) var(--divider-border-style) var(--divider-color)}.elementor-widget-divider--separator-type-pattern{--divider-border-style:none}.elementor-widget-divider--separator-type-pattern.elementor-widget-divider--view-line .elementor-divider-separator,.elementor-widget-divider--separator-type-pattern:not(.elementor-widget-divider--view-line) .elementor-divider-separator:after,.elementor-widget-divider--separator-type-pattern:not(.elementor-widget-divider--view-line) .elementor-divider-separator:before,.elementor-widget-divider--separator-type-pattern:not([class*=elementor-widget-divider--view]) .elementor-divider-separator{width:100%;min-height:var(--divider-pattern-height);-webkit-mask-size:var(--divider-pattern-size) 100%;mask-size:var(--divider-pattern-size) 100%;-webkit-mask-repeat:var(--divider-pattern-repeat);mask-repeat:var(--divider-pattern-repeat);background-color:var(--divider-color);-webkit-mask-image:var(--divider-pattern-url);mask-image:var(--divider-pattern-url)}.elementor-widget-divider--no-spacing{--divider-pattern-size:auto}.elementor-widget-divider--bg-round{--divider-pattern-repeat:round}.rtl .elementor-widget-divider .elementor-divider__text{direction:rtl}<\/style>\n<figure><img decoding=\"async\" width=\"251\" height=\"164\" src=\"https:\/\/www.fasj.org.ar\/wp\/wp-content\/uploads\/2022\/09\/2021-10-14.jpg\" alt=\"\" loading=\"lazy\" \/><\/figure>\n<h5>HOTEL AIRE ANDINO<\/h5>\n<p><b>Domicilio:<\/b> Sgto. Cabral Oeste 801, J5400 San Juan \/ <b>Tel\u00e9fono: <\/b>0264 427-6521<\/p>\n<figure><img decoding=\"async\" width=\"638\" height=\"316\" src=\"https:\/\/www.fasj.org.ar\/wp\/wp-content\/uploads\/2022\/09\/2.jpg\" alt=\"\" loading=\"lazy\" \/><\/figure>\n<h5>HOTEL VI\u00d1AS DEL SOL<\/h5>\n<p><b>Domicilio:<\/b> Ruta 20 Y Gral. Roca, San Juan, Argentina \/ <b>Tel\u00e9fono: <\/b>0264 425-3921<\/p>\n<figure><img decoding=\"async\" src=\"https:\/\/www.fasj.org.ar\/wp\/wp-content\/uploads\/2022\/09\/41170840.jpg\" title=\"41170840\" alt=\"41170840\" \/><\/figure>\n<h5>HOTEL SELBY<\/h5>\n<p><b>Domicilio:<\/b> Av. Rioja Sur 183\/ <b>Tel\u00e9fono: <\/b>0264 422-4766<\/p>\n<figure><img decoding=\"async\" src=\"https:\/\/www.fasj.org.ar\/wp\/wp-content\/uploads\/2022\/09\/472922840.jpg\" title=\"472922840\" alt=\"472922840\" \/><\/figure>\n<h5>HOTEL LA ALBERTINA<\/h5>\n<p><b>Domicilio:<\/b> Mitre 31 Este\/ <b>Tel\u00e9fono: <\/b>0264 421-4222<\/p>\n<h2><b>Excursiones<\/b><\/h2>\n<p>\t\t\t<iframe loading=\"lazy\" src=\"https:\/\/drive.google.com\/file\/d\/1AN7P3zWbw5a8D7gbs_n5H_-JppnSsGp3\/preview\" width=\"640\" height=\"480\" allow=\"autoplay\"><\/iframe>\t\t<\/p>\n<h2><b>Sede del Foro de Abogados<\/b><\/h2>\n<p>\t\t\t<iframe src=\"https:\/\/www.google.com\/maps\/embed?pb=!1m14!1m8!1m3!1d307.16213547283024!2d-68.52038681090856!3d-31.533023959288453!3m2!1i1024!2i768!4f13.1!3m3!1m2!1s0x0%3A0xb412f5a853b9cc07!2sAdvocates%20Forum%20San%20Juan!5e0!3m2!1sen!2sar!4v1662676124407!5m2!1sen!2sar\" width=\"600\" height=\"450\" style=\"border:0;\" allowfullscreen=\"\" loading=\"lazy\" referrerpolicy=\"no-referrer-when-downgrade\"><\/iframe>\t\t<\/p>\n<h2><b>Aranceles<\/b><\/h2>\n<p><b>(COSTO $2.000 \/ estudiantes sin cargo)<\/b><br style=\"color: rgb(34, 34, 34); font-family: Arial, Helvetica, sans-serif; font-size: small;\"><\/p>\n<p>1) Realice el pago a trav\u00e9s del siguiente CBU: <b>0720707720000002488736 <\/b>(Banco Santander).<br \/>2) Adjuntar el comprobante de pago en:<br \/><a href=\"https:\/\/bit.ly\/JORNADAFACA\" target=\"_blank\" rel=\"noopener\">https:\/\/bit.ly\/JORNADAFACA<\/a><\/p>\n","protected":false},"excerpt":{"rendered":"<p>JORNADAS NACIONALES DE ABOGADAS DE F.A.C.A. Programa (click sobre el d\u00eda para desplegar ) JUEVES 22 DE SEPTIEMBRE \u00a09 hs. \u00a0 \u00a0 ACREDITACI\u00d3N \u00a010 hs. \/ 10.30hs.\u00a0 APERTURA : \u2013 Autoridades del Foro de Abogados de San Juan\u00a0 Dr. Marcelo Alvarez \u2013 Presidente Foro Abogados de San Juan Dra.Nancy Mabel L\u00f3pez -Directora Instituto de la [&hellip;]<\/p>\n","protected":false},"author":18,"featured_media":0,"parent":0,"menu_order":0,"comment_status":"closed","ping_status":"closed","template":"elementor_header_footer","meta":{"footnotes":""},"class_list":["post-27209","page","type-page","status-publish"],"_links":{"self":[{"href":"https:\/\/www.fasj.org.ar\/wp\/wp-json\/wp\/v2\/pages\/27209","targetHints":{"allow":["GET"]}}],"collection":[{"href":"https:\/\/www.fasj.org.ar\/wp\/wp-json\/wp\/v2\/pages"}],"about":[{"href":"https:\/\/www.fasj.org.ar\/wp\/wp-json\/wp\/v2\/types\/page"}],"author":[{"embeddable":true,"href":"https:\/\/www.fasj.org.ar\/wp\/wp-json\/wp\/v2\/users\/18"}],"replies":[{"embeddable":true,"href":"https:\/\/www.fasj.org.ar\/wp\/wp-json\/wp\/v2\/comments?post=27209"}],"version-history":[{"count":80,"href":"https:\/\/www.fasj.org.ar\/wp\/wp-json\/wp\/v2\/pages\/27209\/revisions"}],"predecessor-version":[{"id":27393,"href":"https:\/\/www.fasj.org.ar\/wp\/wp-json\/wp\/v2\/pages\/27209\/revisions\/27393"}],"wp:attachment":[{"href":"https:\/\/www.fasj.org.ar\/wp\/wp-json\/wp\/v2\/media?parent=27209"}],"curies":[{"name":"wp","href":"https:\/\/api.w.org\/{rel}","templated":true}]}}